{"id":6366,"date":"2019-11-26T10:54:11","date_gmt":"2019-11-26T09:54:11","guid":{"rendered":"https:\/\/www.marefvg.it\/privacy-policy\/"},"modified":"2024-11-26T11:48:02","modified_gmt":"2024-11-26T10:48:02","slug":"privacy-policy","status":"publish","type":"page","link":"https:\/\/www.marefvg.it\/en\/privacy-policy\/","title":{"rendered":"Privacy Policy"},"content":{"rendered":"<h1><strong>Informativa sul trattamento dei dati personali<\/strong><\/h1>\n<p style=\"text-align: left;\" align=\"JUSTIFY\">La presente informativa viene resa ai sensi dell\u2019art. 13 del Regolamento UE 2016\/679 del Parlamento europeo e del Consiglio del 27.04.2016 relativo alla protezione delle persone fisiche con riguardo al trattamento dei dati personali, nonch\u00e9 alla libera circolazione di tali dati (c.d. \u201cRegolamento generale sul trattamento dei dati personali\u201d o \u201cGDPR\u201d) e del D. Lgs. 30.06.2003, n. 196, cos\u00ec come modificato e integrato dal D. Lgs. 10.08.2018, n. 101 (\u201cCodice in materia di dati personali\u201d o \u201cCodice Privacy\u201d) da <strong>Maritime Technology Cluster FVG S.c.a.r.l.<\/strong>, con sede in 34074 Monfalcone (GO), Via IX Giugno 46, codice fiscale e partita iva 01138620313, in persona del legale rappresentante pro tempore, nella qualit\u00e0 di Titolare del trattamento (in seguito \u201c<strong>Titolare<\/strong>\u201d).<br \/>\nIl Titolare, consapevole dell&#8217;importanza di garantire la sicurezza delle informazioni private, fornisce le informazioni necessarie a rendere consapevole l\u2019utente del sito web (di seguito \u201c<strong>Utente<\/strong>\u201d), delle caratteristiche e delle modalit\u00e0 del trattamento dei suoi dati personali.<\/p>\n<h2><strong>1. Oggetto del trattamento<\/strong><\/h2>\n<p style=\"text-align: left;\" align=\"JUSTIFY\">Potranno essere trattati i dati personali dell\u2019Utente raccolti durante l\u2019utilizzo del sito web, nonch\u00e9 durante l\u2019utilizzo di servizi e\/o di funzionalit\u00e0 del medesimo sito web.<br \/>\nIn particolare, il Titolare potr\u00e0 trattare:<br \/>\n(i) dati personali comuni (es. identificativi, di contatto, ecc.), forniti dall\u2019Utente durante l\u2019utilizzo del sito web o durante l\u2019utilizzo di servizi e\/o di funzionalit\u00e0 del medesimo sito web;<br \/>\n(ii) dati personali la cui trasmissione \u00e8 connessa all\u2019uso dei protocolli di comunicazione di Internet (es. accessi alla pagina, quantit\u00e0 di dati trasferiti, messaggio di status ad accessi avvenuti, numeri ID di sessione, indirizzi IP, indirizzi URL, dati di localizzazione, lingua di visualizzazione, tempo universale coordinato, ecc.).<\/p>\n<h2><strong>2. Finalit\u00e0 e base giuridica<\/strong><\/h2>\n<p style=\"text-align: left;\" align=\"JUSTIFY\">I dati personali potranno essere trattati per le seguenti finalit\u00e0:<br \/>\n(i) fornire i servizi del sito web;<br \/>\n(ii) inviare newsletter, qualora espressamente richiesto dall\u2019Utente;<br \/>\n(iii) rispondere alle segnalazioni, domande e\/o richieste dell\u2019Utente;<br \/>\n(iv) rendere utilizzabili le funzionalit\u00e0 e consentire la gestione della sicurezza del sito web.<br \/>\nPer le finalit\u00e0 di cui alle lettere (i), (ii), (iii), l\u2019esecuzione di un contratto di cui l\u2019utente \u00e8 parte o all&#8217;esecuzione di misure precontrattuali adottate su richiesta dello stesso, costituisce base giuridica del trattamento (v. art. 6, par. 1, lett. b, GDPR). Per la finalit\u00e0 di cui alla lettera (iv), il legittimo interesse del Titolare al corretto<\/p>\n<h2><strong>3. Dati comunicati dall\u2019Utente<\/strong><\/h2>\n<p align=\"JUSTIFY\">Il sito web presenta servizi e\/o funzionalit\u00e0 che consentono all\u2019Utente di contattare e\/o interagire con il Titolare.<br \/>\nRegistrandosi al sito web, iscrivendosi alla newsletter o contattando il Titolare, pu\u00f2 essere richiesto all\u2019Utente di fornire propri dati personali e\/o dati relativi alla propria azienda. Il conferimento dei dati personali richiesti (es. identificativi, di contatto, ecc.), \u00e8 necessario al fine di poter fruire di alcune funzionalit\u00e0 del sito web e\/o di specifici servizi richiesti. Pertanto, il mancato conferimento di tali dati personali pu\u00f2 determinare l\u2019impossibilit\u00e0 per l\u2019Utente di usufruire di alcune funzionalit\u00e0 del sito web e\/o degli specifici servizi richiesti. Nella sezione M.IND del sito, i dati di dettaglio relativi all&#8217;azienda vengono condivisi solo con gli iscritti al sito e l&#8217;iscrizione \u00e8 moderata dal Titolare. L&#8217;indirizzo mail di contatto, relativo all&#8217;azienda, pu\u00f2 essere utilizzato dal Titolare per l&#8217;invio occasionale di materiale informativo inerente alle attivit\u00e0 del Cluster, con modalit\u00e0 differenti dalla newsletter.<\/p>\n<h2><strong>4. Dati di navigazione<\/strong><\/h2>\n<p align=\"JUSTIFY\">I sistemi informatici preposti al funzionamento del sito web possono acquisire, nel corso della loro normale attivit\u00e0, alcuni dati personali la cui trasmissione \u00e8 implicita nell&#8217;uso dei protocolli di comunicazione di Internet (c.d. dati di navigazione). In questa categoria di dati rientrano gli indirizzi IP o i nomi a dominio dei computer e dei terminali utilizzati dall\u2019Utente, gli indirizzi in notazione URI\/URL (\u201cUniform Resource Identifier\u201d e \u201cUniform Resource Locator\u201d) delle risorse richieste, l&#8217;orario della richiesta, il metodo utilizzato nel sottoporre la richiesta al server, la dimensione del file ottenuto in risposta, il codice numerico indicante lo stato della risposta data dal server (es. buon fine, errore, ecc.) ed altri parametri relativi al sistema operativo e all&#8217;ambiente informatico dell&#8217;utente.<\/p>\n<p align=\"JUSTIFY\">Tali dati, necessari per la fruizione dei servizi web, vengono anche trattati allo scopo di:<\/p>\n<p align=\"JUSTIFY\">(i) ottenere informazioni statistiche sull&#8217;uso dei servizi (es. pagine pi\u00f9 visitate, numero di visitatori per fascia oraria o giornaliera, aree geografiche di provenienza, ecc.);<\/p>\n<p align=\"JUSTIFY\">(ii) controllare il corretto funzionamento dei servizi offerti.<\/p>\n<p align=\"JUSTIFY\">I dati di navigazione non persistono per pi\u00f9 di qualche giorno (salve eventuali necessit\u00e0 di accertamento di reati da parte dell&#8217;Autorit\u00e0 giudiziaria).<\/p>\n<h2><strong>5.Cookies<\/strong><\/h2>\n<p align=\"JUSTIFY\">Riguardo all\u2019utilizzo dei cookies del sito web si rimanda alla specifica cookies policy che costituisce parte integrante e sostanziale della presente informativa.<\/p>\n<h2><strong>6. Natura del conferimento<\/strong><\/h2>\n<p align=\"JUSTIFY\">Il conferimento dei dati personali da parte dell\u2019Utente di cui al punto 3 ha natura facoltativa, ma un eventuale mancato conferimento pu\u00f2 comportare l\u2019impossibilit\u00e0 per l\u2019Utente di usufruire di alcune funzionalit\u00e0 del sito web e\/o degli specifici servizi richiesti. Il conferimento dei dati di cui al punto 4 \u00e8 necessario per la fruizione del sito web.<\/p>\n<h2><strong>7. Modalit\u00e0 del trattamento<\/strong><\/h2>\n<p align=\"JUSTIFY\">Il trattamento dei dati personali sar\u00e0 realizzato per mezzo di qualsiasi operazione, o insieme di operazioni, compiuta con o senza l&#8217;ausilio di processi automatizzati e applicate a dati personali o insiemi di dati personali, come la raccolta, la registrazione, l&#8217;organizzazione, la strutturazione, la conservazione, l&#8217;adattamento o la modifica, l&#8217;estrazione, la consultazione, l&#8217;uso, la comunicazione mediante trasmissione, diffusione o qualsiasi altra forma di messa a disposizione, il raffronto o l&#8217;interconnessione, la limitazione, la cancellazione o la distruzione. Il trattamento dei dati personali sar\u00e0 improntato ai principi di liceit\u00e0 correttezza e trasparenza, limitazione della finalit\u00e0, minimizzazione, esattezza, limitazione della conservazione, integrit\u00e0 e riservatezza e verr\u00e0 effettuato con procedure prevalentemente informatizzate (e in via residuale tramite strumenti manuali o cartacei) idonee a garantire la loro sicurezza e riservatezza, anche tramite l\u2019utilizzo di idonee procedure che evitino il rischio di distruzione, perdita, modifica, divulgazione non autorizzata, accesso non autorizzato ai dati personali trasmessi, conservati o, comunque, trattati.<\/p>\n<h2><strong>8. Periodo di conservazione<\/strong><\/h2>\n<p align=\"JUSTIFY\">Il Titolare, nel rispetto dei principi di cui all\u2019art. 5, GDPR, tratter\u00e0 i dati personali per il tempo necessario a perseguire le finalit\u00e0 sopra indicate, nonch\u00e9 per adempiere agli obblighi di legge imposti per le medesime finalit\u00e0. Decorsi i termini di conservazione sopra indicati, i dati saranno distrutti o resi anonimi. Maggiori e pi\u00f9 dettagliate informazioni in merito ai tempi di conservazione possono essere richieste contattando il Titolare ai recapiti indicati nella presente informativa.<\/p>\n<h2><strong>9. Accesso, comunicazione e diffusione dei dati<\/strong><\/h2>\n<p align=\"JUSTIFY\">I dati personali trattati potranno essere resi accessibili ai lavoratori o ai collaboratori che operano alle dipendenze o sotto l\u2019autorit\u00e0 diretta del Titolare, ovvero ad alcuni soggetti esterni che presentino garanzie sufficienti di avere adottato misure giuridiche, organizzative e tecniche adeguate in modo tale che il trattamento soddisfi i requisiti di cui al GDPR e garantisca la tutela dei diritti dell&#8217;interessato. In particolare, i dati potranno essere resi accessibili a: (i) dipendenti e\/o collaboratori del Titolare, nella loro qualit\u00e0 di autorizzati al trattamento dei dati personali; (ii) soggetti terzi che svolgono attivit\u00e0 in outsourcing per conto del Titolare, anche nella loro qualit\u00e0 di responsabili del trattamento dei dati personali. I dati personali trattati non potranno essere oggetto di comunicazione ad altri soggetti determinati, n\u00e9 di diffusione a soggetti indeterminati, se non in forza di una norma di legge o, nei casi previsti dalla legge, di regolamento.<\/p>\n<h2><strong>10. Trasferimento dati<\/strong><\/h2>\n<p align=\"JUSTIFY\">La gestione e la conservazione dei dati personali del Fornitore avverranno su server del Titolare e\/o di soggetti terzi incaricati e nominati quali Responsabili del trattamento, ubicati in Italia o, comunque, all\u2019interno dell\u2019Unione Europea e dello Spazio economico europeo. Al di fuori dello Spazio economico europeo (SEE), il trasferimento potr\u00e0 avvenire solamente verso paesi terzi o organizzazioni internazionali che garantiscono un livello di protezione adeguato sulla base di una decisione di adeguatezza della Commissione europea (art. 45 GDPR), ovvero nel rispetto di quanto previsto dagli artt. 46 e segg. GDPR (es. garanzie di adeguatezza, clausole contrattuali standard, Binding Corporate Rules, ecc.).<\/p>\n<h2><strong>11. Diritti dell\u2019interessato<\/strong><\/h2>\n<p align=\"JUSTIFY\">Ai sensi degli artt. da 15 a 22, GDPR, nei casi previsti, il Fornitore ha diritto a: i. ottenere dal Titolare la conferma che sia o meno in corso un trattamento di dati personali che lo riguardano e, in tal caso, l\u2019accesso ai dati personali e ad altre informazioni relative, anche ricevendone copia (c.d. diritto di accesso); ii. ottenere dal Titolare la rettifica dei dati personali inesatti e\/o l\u2019integrazione dei dati personali incompleti che lo riguardano (c.d. diritto di rettifica); iii. ottenere dal Titolare la cancellazione dei dati personali se sussiste uno dei motivi previsti dal GDPR (c.d. diritto alla cancellazione); iv. ottenere dal Titolare la limitazione del trattamento solo ad alcuni dati personali se sussiste uno dei motivi previsti dal GDPR (c.d. diritto di limitazione del trattamento); v. richiedere e ricevere dal Titolare, in un formato strutturato, di uso comune e leggibile da dispositivo automatico, i dati personali che lo riguardano, oppure richiedere ed ottenere la trasmissione ad altro Titolare senza impedimenti (c.d. diritto alla portabilit\u00e0); vii. revocare, in qualsiasi momento, il consenso eventualmente prestato relativamente al trattamento dei dati personali (c.d. diritto di revoca del consenso); vii. opporsi, in tutto o in parte, al trattamento dei dati personali (c.d. diritto di opposizione); viii. non essere sottoposto a una decisione basata unicamente sul trattamento automatizzato nei casi previsti dal GDPR. Qualora il Fornitore ritenga che il trattamento dei dati avvenga in violazione di quanto previsto dal GDPR ha il diritto di proporre reclamo all\u2019Autorit\u00e0 di controllo competente (art. 77, GDPR), o di adire le opportune sedi giudiziarie (art. 79, GDPR).<\/p>\n<h2><strong>12. Modalit\u00e0 di esercizio dei diritti<\/strong><\/h2>\n<p align=\"JUSTIFY\">Il Fornitore potr\u00e0 in qualsiasi momento esercitare i suoi diritti contattando il Titolare:<\/p>\n<p align=\"JUSTIFY\"><b>Maritime Technology Cluster FVG S.c.a.r.l.<\/b><\/p>\n<p align=\"JUSTIFY\">Via IX Giugno 46<\/p>\n<p align=\"JUSTIFY\">34074 Monfalcone (GO)<\/p>\n<p align=\"JUSTIFY\">e-mail\/PEC: marefvg@legalmail.it<\/p>\n<p align=\"JUSTIFY\"><b>Modifiche all\u2019informativa<\/b><\/p>\n<p align=\"JUSTIFY\">La presente informativa pu\u00f2 subire variazioni. Si consiglia, quindi, di controllare regolarmente questa informativa e di riferirsi alla versione pi\u00f9 aggiornata.<\/p>\n<p align=\"JUSTIFY\">Informativa aggiornata al 05\/09\/2022<\/p>\n<p align=\"JUSTIFY\">Il Titolare del trattamento<\/p>\n<p align=\"JUSTIFY\"><span lang=\"en-US\"><b>Maritime Technology Cluster FVG S.c.a.r.l.<\/b><\/span><\/p>\n","protected":false},"excerpt":{"rendered":"<p>Informativa sul trattamento dei dati personali La presente informativa viene resa ai sensi dell\u2019art. 13 del Regolamento UE 2016\/679 del Parlamento europeo e del Consiglio del 27.04.2016 relativo alla protezione delle persone fisiche con riguardo al trattamento dei dati personali, nonch\u00e9 alla libera circolazione di tali dati (c.d. \u201cRegolamento generale sul trattamento dei dati personali\u201d [&hellip;]<\/p>\n","protected":false},"author":1,"featured_media":0,"parent":0,"menu_order":0,"comment_status":"closed","ping_status":"open","template":"","meta":{"_acf_changed":false,"footnotes":""},"class_list":["post-6366","page","type-page","status-publish","hentry"],"acf":[],"yoast_head":"<!-- This site is optimized with the Yoast SEO plugin v27.4 - https:\/\/yoast.com\/product\/yoast-seo-wordpress\/ -->\n<title>Privacy Policy - Maritime, Aerospace, Renewable Energies Technology Cluster FVG<\/title>\n<meta name=\"robots\" content=\"index, follow, max-snippet:-1, max-image-preview:large, max-video-preview:-1\" \/>\n<link rel=\"canonical\" href=\"https:\/\/www.marefvg.it\/en\/privacy-policy\/\" \/>\n<meta property=\"og:locale\" content=\"en_US\" \/>\n<meta property=\"og:type\" content=\"article\" \/>\n<meta property=\"og:title\" content=\"Privacy Policy - Maritime, Aerospace, Renewable Energies Technology Cluster FVG\" \/>\n<meta property=\"og:description\" content=\"Informativa sul trattamento dei dati personali La presente informativa viene resa ai sensi dell\u2019art. 13 del Regolamento UE 2016\/679 del Parlamento europeo e del Consiglio del 27.04.2016 relativo alla protezione delle persone fisiche con riguardo al trattamento dei dati personali, nonch\u00e9 alla libera circolazione di tali dati (c.d. \u201cRegolamento generale sul trattamento dei dati personali\u201d [&hellip;]\" \/>\n<meta property=\"og:url\" content=\"https:\/\/www.marefvg.it\/en\/privacy-policy\/\" \/>\n<meta property=\"og:site_name\" content=\"Maritime, Aerospace, Renewable Energies Technology Cluster FVG\" \/>\n<meta property=\"article:modified_time\" content=\"2024-11-26T10:48:02+00:00\" \/>\n<meta name=\"twitter:card\" content=\"summary_large_image\" \/>\n<meta name=\"twitter:label1\" content=\"Est. reading time\" \/>\n\t<meta name=\"twitter:data1\" content=\"9 minutes\" \/>\n<script type=\"application\/ld+json\" class=\"yoast-schema-graph\">{\"@context\":\"https:\\\/\\\/schema.org\",\"@graph\":[{\"@type\":\"WebPage\",\"@id\":\"https:\\\/\\\/www.marefvg.it\\\/en\\\/privacy-policy\\\/\",\"url\":\"https:\\\/\\\/www.marefvg.it\\\/en\\\/privacy-policy\\\/\",\"name\":\"Privacy Policy - Maritime, Aerospace, Renewable Energies Technology Cluster FVG\",\"isPartOf\":{\"@id\":\"https:\\\/\\\/www.marefvg.it\\\/#website\"},\"datePublished\":\"2019-11-26T09:54:11+00:00\",\"dateModified\":\"2024-11-26T10:48:02+00:00\",\"breadcrumb\":{\"@id\":\"https:\\\/\\\/www.marefvg.it\\\/en\\\/privacy-policy\\\/#breadcrumb\"},\"inLanguage\":\"en-US\",\"potentialAction\":[{\"@type\":\"ReadAction\",\"target\":[\"https:\\\/\\\/www.marefvg.it\\\/en\\\/privacy-policy\\\/\"]}]},{\"@type\":\"BreadcrumbList\",\"@id\":\"https:\\\/\\\/www.marefvg.it\\\/en\\\/privacy-policy\\\/#breadcrumb\",\"itemListElement\":[{\"@type\":\"ListItem\",\"position\":1,\"name\":\"Home\",\"item\":\"https:\\\/\\\/www.marefvg.it\\\/en\\\/\"},{\"@type\":\"ListItem\",\"position\":2,\"name\":\"Privacy Policy\"}]},{\"@type\":\"WebSite\",\"@id\":\"https:\\\/\\\/www.marefvg.it\\\/#website\",\"url\":\"https:\\\/\\\/www.marefvg.it\\\/\",\"name\":\"Maritime, Aerospace, Renewable Energies Technology Cluster FVG\",\"description\":\"Maritime, Aerospace, Renewable Energies Technology Cluster FVG\",\"publisher\":{\"@id\":\"https:\\\/\\\/www.marefvg.it\\\/#organization\"},\"potentialAction\":[{\"@type\":\"SearchAction\",\"target\":{\"@type\":\"EntryPoint\",\"urlTemplate\":\"https:\\\/\\\/www.marefvg.it\\\/?s={search_term_string}\"},\"query-input\":{\"@type\":\"PropertyValueSpecification\",\"valueRequired\":true,\"valueName\":\"search_term_string\"}}],\"inLanguage\":\"en-US\"},{\"@type\":\"Organization\",\"@id\":\"https:\\\/\\\/www.marefvg.it\\\/#organization\",\"name\":\"MARITIME TECHNOLOGY CLUSTER FVG\",\"url\":\"https:\\\/\\\/www.marefvg.it\\\/\",\"logo\":{\"@type\":\"ImageObject\",\"inLanguage\":\"en-US\",\"@id\":\"https:\\\/\\\/www.marefvg.it\\\/#\\\/schema\\\/logo\\\/image\\\/\",\"url\":\"https:\\\/\\\/www.marefvg.it\\\/wp-content\\\/uploads\\\/2019\\\/12\\\/logo-mareTC-FVG-HR.jpg\",\"contentUrl\":\"https:\\\/\\\/www.marefvg.it\\\/wp-content\\\/uploads\\\/2019\\\/12\\\/logo-mareTC-FVG-HR.jpg\",\"width\":2214,\"height\":819,\"caption\":\"MARITIME TECHNOLOGY CLUSTER FVG\"},\"image\":{\"@id\":\"https:\\\/\\\/www.marefvg.it\\\/#\\\/schema\\\/logo\\\/image\\\/\"}}]}<\/script>\n<!-- \/ Yoast SEO plugin. -->","yoast_head_json":{"title":"Privacy Policy - Maritime, Aerospace, Renewable Energies Technology Cluster FVG","robots":{"index":"index","follow":"follow","max-snippet":"max-snippet:-1","max-image-preview":"max-image-preview:large","max-video-preview":"max-video-preview:-1"},"canonical":"https:\/\/www.marefvg.it\/en\/privacy-policy\/","og_locale":"en_US","og_type":"article","og_title":"Privacy Policy - Maritime, Aerospace, Renewable Energies Technology Cluster FVG","og_description":"Informativa sul trattamento dei dati personali La presente informativa viene resa ai sensi dell\u2019art. 13 del Regolamento UE 2016\/679 del Parlamento europeo e del Consiglio del 27.04.2016 relativo alla protezione delle persone fisiche con riguardo al trattamento dei dati personali, nonch\u00e9 alla libera circolazione di tali dati (c.d. \u201cRegolamento generale sul trattamento dei dati personali\u201d [&hellip;]","og_url":"https:\/\/www.marefvg.it\/en\/privacy-policy\/","og_site_name":"Maritime, Aerospace, Renewable Energies Technology Cluster FVG","article_modified_time":"2024-11-26T10:48:02+00:00","twitter_card":"summary_large_image","twitter_misc":{"Est. reading time":"9 minutes"},"schema":{"@context":"https:\/\/schema.org","@graph":[{"@type":"WebPage","@id":"https:\/\/www.marefvg.it\/en\/privacy-policy\/","url":"https:\/\/www.marefvg.it\/en\/privacy-policy\/","name":"Privacy Policy - Maritime, Aerospace, Renewable Energies Technology Cluster FVG","isPartOf":{"@id":"https:\/\/www.marefvg.it\/#website"},"datePublished":"2019-11-26T09:54:11+00:00","dateModified":"2024-11-26T10:48:02+00:00","breadcrumb":{"@id":"https:\/\/www.marefvg.it\/en\/privacy-policy\/#breadcrumb"},"inLanguage":"en-US","potentialAction":[{"@type":"ReadAction","target":["https:\/\/www.marefvg.it\/en\/privacy-policy\/"]}]},{"@type":"BreadcrumbList","@id":"https:\/\/www.marefvg.it\/en\/privacy-policy\/#breadcrumb","itemListElement":[{"@type":"ListItem","position":1,"name":"Home","item":"https:\/\/www.marefvg.it\/en\/"},{"@type":"ListItem","position":2,"name":"Privacy Policy"}]},{"@type":"WebSite","@id":"https:\/\/www.marefvg.it\/#website","url":"https:\/\/www.marefvg.it\/","name":"Maritime, Aerospace, Renewable Energies Technology Cluster FVG","description":"Maritime, Aerospace, Renewable Energies Technology Cluster FVG","publisher":{"@id":"https:\/\/www.marefvg.it\/#organization"},"potentialAction":[{"@type":"SearchAction","target":{"@type":"EntryPoint","urlTemplate":"https:\/\/www.marefvg.it\/?s={search_term_string}"},"query-input":{"@type":"PropertyValueSpecification","valueRequired":true,"valueName":"search_term_string"}}],"inLanguage":"en-US"},{"@type":"Organization","@id":"https:\/\/www.marefvg.it\/#organization","name":"MARITIME TECHNOLOGY CLUSTER FVG","url":"https:\/\/www.marefvg.it\/","logo":{"@type":"ImageObject","inLanguage":"en-US","@id":"https:\/\/www.marefvg.it\/#\/schema\/logo\/image\/","url":"https:\/\/www.marefvg.it\/wp-content\/uploads\/2019\/12\/logo-mareTC-FVG-HR.jpg","contentUrl":"https:\/\/www.marefvg.it\/wp-content\/uploads\/2019\/12\/logo-mareTC-FVG-HR.jpg","width":2214,"height":819,"caption":"MARITIME TECHNOLOGY CLUSTER FVG"},"image":{"@id":"https:\/\/www.marefvg.it\/#\/schema\/logo\/image\/"}}]}},"_links":{"self":[{"href":"https:\/\/www.marefvg.it\/en\/wp-json\/wp\/v2\/pages\/6366","targetHints":{"allow":["GET"]}}],"collection":[{"href":"https:\/\/www.marefvg.it\/en\/wp-json\/wp\/v2\/pages"}],"about":[{"href":"https:\/\/www.marefvg.it\/en\/wp-json\/wp\/v2\/types\/page"}],"author":[{"embeddable":true,"href":"https:\/\/www.marefvg.it\/en\/wp-json\/wp\/v2\/users\/1"}],"replies":[{"embeddable":true,"href":"https:\/\/www.marefvg.it\/en\/wp-json\/wp\/v2\/comments?post=6366"}],"version-history":[{"count":2,"href":"https:\/\/www.marefvg.it\/en\/wp-json\/wp\/v2\/pages\/6366\/revisions"}],"predecessor-version":[{"id":9194,"href":"https:\/\/www.marefvg.it\/en\/wp-json\/wp\/v2\/pages\/6366\/revisions\/9194"}],"wp:attachment":[{"href":"https:\/\/www.marefvg.it\/en\/wp-json\/wp\/v2\/media?parent=6366"}],"curies":[{"name":"wp","href":"https:\/\/api.w.org\/{rel}","templated":true}]}}